{"id":5927,"date":"2024-05-23T15:46:48","date_gmt":"2024-05-23T15:46:48","guid":{"rendered":"https:\/\/ccis-agadir.ma\/?page_id=5927"},"modified":"2024-06-26T14:41:45","modified_gmt":"2024-06-26T14:41:45","slug":"financer-sa-formation","status":"publish","type":"page","link":"https:\/\/ccis-agadir.ma\/ar\/financer-sa-formation\/","title":{"rendered":"Financer sa formation"},"content":{"rendered":"<div data-elementor-type=\"wp-page\" data-elementor-id=\"5927\" class=\"elementor elementor-5927\" data-elementor-settings=\"{&quot;ha_cmc_init_switcher&quot;:&quot;no&quot;}\" data-elementor-post-type=\"page\">\n\t\t\t\t\t\t<section data-dce-background-color=\"#F6F6F6\" class=\"elementor-section elementor-top-section elementor-element elementor-element-0c422ff elementor-section-boxed elementor-section-height-default elementor-section-height-default\" data-id=\"0c422ff\" data-element_type=\"section\" data-settings=\"{&quot;background_background&quot;:&quot;classic&quot;,&quot;_ha_eqh_enable&quot;:false,&quot;ekit_has_onepagescroll_dot&quot;:&quot;yes&quot;}\">\n\t\t\t\t\t\t<div class=\"elementor-container elementor-column-gap-default\">\n\t\t\t\t\t<div class=\"elementor-column elementor-col-50 elementor-top-column elementor-element elementor-element-53899db\" data-id=\"53899db\" data-element_type=\"column\">\n\t\t\t<div class=\"elementor-widget-wrap elementor-element-populated\">\n\t\t\t\t\t\t<div class=\"elementor-element elementor-element-cf80b72 elementor-widget elementor-widget-heading\" data-id=\"cf80b72\" data-element_type=\"widget\" data-settings=\"{&quot;ekit_we_effect_on&quot;:&quot;none&quot;}\" data-widget_type=\"heading.default\">\n\t\t\t\t<div class=\"elementor-widget-container\">\n\t\t\t\t\t<h2 class=\"elementor-heading-title elementor-size-default\">Financer votre Formation : Contrats Sp\u00e9ciaux de Formation (CSF)<\/h2>\t\t\t\t<\/div>\n\t\t\t\t<\/div>\n\t\t\t\t<div class=\"elementor-element elementor-element-17b0c91 elementor-widget elementor-widget-text-editor\" data-id=\"17b0c91\" data-element_type=\"widget\" data-settings=\"{&quot;ekit_we_effect_on&quot;:&quot;none&quot;}\" data-widget_type=\"text-editor.default\">\n\t\t\t\t<div class=\"elementor-widget-container\">\n\t\t\t\t\t\t\t\t\t<p>La Chambre de Commerce, d\u2019Industrie et de Services d\u2019Agadir (CCISA) offre aux entreprises des programmes de formation continue destin\u00e9s \u00e0 am\u00e9liorer les comp\u00e9tences de leurs salari\u00e9s. Face \u00e0 un environnement \u00e9conomique en constante mutation, cette mise \u00e0 niveau r\u00e9guli\u00e8re est un facteur essentiel de comp\u00e9titivit\u00e9. Pour soutenir cette initiative, les pouvoirs publics ont instaur\u00e9 les Contrats Sp\u00e9ciaux de Formation (CSF), un syst\u00e8me de financement en partenariat avec l&#8217;OFPPT.<\/p>\t\t\t\t\t\t\t\t<\/div>\n\t\t\t\t<\/div>\n\t\t\t\t<div class=\"elementor-element elementor-element-9797cdd elementor-widget elementor-widget-heading\" data-id=\"9797cdd\" data-element_type=\"widget\" data-settings=\"{&quot;ekit_we_effect_on&quot;:&quot;none&quot;}\" data-widget_type=\"heading.default\">\n\t\t\t\t<div class=\"elementor-widget-container\">\n\t\t\t\t\t<h4 class=\"elementor-heading-title elementor-size-default\">\"Explorez de nouvelles opportunit\u00e9s de d\u00e9veloppement pour votre entreprise gr\u00e2ce aux Contrats Sp\u00e9ciaux de Formation (CSF).\"<\/h4>\t\t\t\t<\/div>\n\t\t\t\t<\/div>\n\t\t\t\t\t<\/div>\n\t\t<\/div>\n\t\t\t\t<div class=\"elementor-column elementor-col-50 elementor-top-column elementor-element elementor-element-e756ecf\" data-id=\"e756ecf\" data-element_type=\"column\">\n\t\t\t<div class=\"elementor-widget-wrap elementor-element-populated\">\n\t\t\t\t\t\t<div class=\"elementor-element elementor-element-1c6846e dce_masking-none elementor-widget elementor-widget-image\" data-id=\"1c6846e\" data-element_type=\"widget\" data-settings=\"{&quot;ekit_we_effect_on&quot;:&quot;none&quot;}\" data-widget_type=\"image.default\">\n\t\t\t\t<div class=\"elementor-widget-container\">\n\t\t\t\t\t\t\t\t\t\t\t\t\t\t\t<img fetchpriority=\"high\" decoding=\"async\" width=\"587\" height=\"505\" src=\"https:\/\/ccis-agadir.ma\/wp-content\/uploads\/2020\/08\/image_page_service_1.jpg\" class=\"attachment-large size-large wp-image-827\" alt=\"image_page_service_1\" srcset=\"https:\/\/ccis-agadir.ma\/wp-content\/uploads\/2020\/08\/image_page_service_1.jpg 587w, https:\/\/ccis-agadir.ma\/wp-content\/uploads\/2020\/08\/image_page_service_1-300x258.jpg 300w, https:\/\/ccis-agadir.ma\/wp-content\/uploads\/2020\/08\/image_page_service_1-560x482.jpg 560w\" sizes=\"(max-width: 587px) 100vw, 587px\" \/>\t\t\t\t\t\t\t\t\t\t\t\t\t\t\t<\/div>\n\t\t\t\t<\/div>\n\t\t\t\t<div class=\"elementor-element elementor-element-6236cb3 elementor-widget__width-auto elementor-absolute elementor-widget elementor-widget-ova_box_learnmore\" data-id=\"6236cb3\" data-element_type=\"widget\" data-settings=\"{&quot;_position&quot;:&quot;absolute&quot;,&quot;ekit_we_effect_on&quot;:&quot;none&quot;}\" data-widget_type=\"ova_box_learnmore.default\">\n\t\t\t\t<div class=\"elementor-widget-container\">\n\t\t\t\t\t\t\t<div class=\"ova_box_learnmore\">\n\t\t\t<div class=\"content\">\n\t\t\t\t\t\t\t\t\t\t<p class=\"title second_font\">\n\t\t\t\t\t\t\t\"Boostez la comp\u00e9titivit\u00e9 de votre entreprise gr\u00e2ce aux Contrats Sp\u00e9ciaux de Formation de la CCISA : des opportunit\u00e9s de financement pour une mise \u00e0 niveau continue de vos comp\u00e9tences.\"\t\t\t\t\t\t<\/p>\n\t\t\t\t\t\t\n\t\t\t\t\t\t\t<\/div>\n\t\t<\/div>\n\t\t\t\t\t\t<\/div>\n\t\t\t\t<\/div>\n\t\t\t\t\t<\/div>\n\t\t<\/div>\n\t\t\t\t\t<\/div>\n\t\t<\/section>\n\t\t\t\t<section class=\"elementor-section elementor-top-section elementor-element elementor-element-a9f9f15 elementor-section-boxed elementor-section-height-default elementor-section-height-default\" data-id=\"a9f9f15\" data-element_type=\"section\" data-settings=\"{&quot;_ha_eqh_enable&quot;:false,&quot;ekit_has_onepagescroll_dot&quot;:&quot;yes&quot;}\">\n\t\t\t\t\t\t<div class=\"elementor-container elementor-column-gap-default\">\n\t\t\t\t\t<div class=\"elementor-column elementor-col-100 elementor-top-column elementor-element elementor-element-c91f70d\" data-id=\"c91f70d\" data-element_type=\"column\">\n\t\t\t<div class=\"elementor-widget-wrap elementor-element-populated\">\n\t\t\t\t\t\t<div class=\"elementor-element elementor-element-553b307 elementor-widget elementor-widget-spacer\" data-id=\"553b307\" data-element_type=\"widget\" data-settings=\"{&quot;ekit_we_effect_on&quot;:&quot;none&quot;}\" data-widget_type=\"spacer.default\">\n\t\t\t\t<div class=\"elementor-widget-container\">\n\t\t\t\t\t\t\t<div class=\"elementor-spacer\">\n\t\t\t<div class=\"elementor-spacer-inner\"><\/div>\n\t\t<\/div>\n\t\t\t\t\t\t<\/div>\n\t\t\t\t<\/div>\n\t\t\t\t<div class=\"elementor-element elementor-element-67bb224 elementor-widget elementor-widget-spacer\" data-id=\"67bb224\" data-element_type=\"widget\" data-settings=\"{&quot;ekit_we_effect_on&quot;:&quot;none&quot;}\" data-widget_type=\"spacer.default\">\n\t\t\t\t<div class=\"elementor-widget-container\">\n\t\t\t\t\t\t\t<div class=\"elementor-spacer\">\n\t\t\t<div class=\"elementor-spacer-inner\"><\/div>\n\t\t<\/div>\n\t\t\t\t\t\t<\/div>\n\t\t\t\t<\/div>\n\t\t\t\t<div class=\"elementor-element elementor-element-d7bee10 elementor-widget elementor-widget-heading\" data-id=\"d7bee10\" data-element_type=\"widget\" data-settings=\"{&quot;ekit_we_effect_on&quot;:&quot;none&quot;}\" data-widget_type=\"heading.default\">\n\t\t\t\t<div class=\"elementor-widget-container\">\n\t\t\t\t\t<h2 class=\"elementor-heading-title elementor-size-default\">A - Eligibilit\u00e9 aux Contrats Sp\u00e9ciaux de Formation (CSF)<\/h2>\t\t\t\t<\/div>\n\t\t\t\t<\/div>\n\t\t\t\t<section class=\"elementor-section elementor-inner-section elementor-element elementor-element-c9df97b elementor-section-boxed elementor-section-height-default elementor-section-height-default\" data-id=\"c9df97b\" data-element_type=\"section\" data-settings=\"{&quot;_ha_eqh_enable&quot;:false,&quot;ekit_has_onepagescroll_dot&quot;:&quot;yes&quot;}\">\n\t\t\t\t\t\t<div class=\"elementor-container elementor-column-gap-default\">\n\t\t\t\t\t<div class=\"elementor-column elementor-col-100 elementor-inner-column elementor-element elementor-element-5bee929\" data-id=\"5bee929\" data-element_type=\"column\">\n\t\t\t<div class=\"elementor-widget-wrap elementor-element-populated\">\n\t\t\t\t\t\t<div class=\"elementor-element elementor-element-ca75b6b elementor-widget elementor-widget-text-editor\" data-id=\"ca75b6b\" data-element_type=\"widget\" data-settings=\"{&quot;ekit_we_effect_on&quot;:&quot;none&quot;}\" data-widget_type=\"text-editor.default\">\n\t\t\t\t<div class=\"elementor-widget-container\">\n\t\t\t\t\t\t\t\t\t<p>Pour b\u00e9n\u00e9ficier des CSF, les entreprises doivent \u00eatre assujetties \u00e0 la Taxe de Formation Professionnelle (TFP) et \u00eatre en r\u00e8gle vis-\u00e0-vis de la CNSS pour l&#8217;ann\u00e9e de la TFP (1er juillet de l&#8217;ann\u00e9e N-2 au 30 juin de l&#8217;ann\u00e9e N-1). Ce dispositif permet de financer les actions de formation en cours d&#8217;emploi.<\/p>\t\t\t\t\t\t\t\t<\/div>\n\t\t\t\t<\/div>\n\t\t\t\t\t<\/div>\n\t\t<\/div>\n\t\t\t\t\t<\/div>\n\t\t<\/section>\n\t\t\t\t<div class=\"elementor-element elementor-element-1f501b9 elementor-widget elementor-widget-heading\" data-id=\"1f501b9\" data-element_type=\"widget\" data-settings=\"{&quot;ekit_we_effect_on&quot;:&quot;none&quot;}\" data-widget_type=\"heading.default\">\n\t\t\t\t<div class=\"elementor-widget-container\">\n\t\t\t\t\t<h2 class=\"elementor-heading-title elementor-size-default\">B - Champs d\u2019application des CSF<\/h2>\t\t\t\t<\/div>\n\t\t\t\t<\/div>\n\t\t\t\t<section class=\"elementor-section elementor-inner-section elementor-element elementor-element-ed28403 elementor-section-boxed elementor-section-height-default elementor-section-height-default\" data-id=\"ed28403\" data-element_type=\"section\" data-settings=\"{&quot;_ha_eqh_enable&quot;:false,&quot;ekit_has_onepagescroll_dot&quot;:&quot;yes&quot;}\">\n\t\t\t\t\t\t<div class=\"elementor-container elementor-column-gap-default\">\n\t\t\t\t\t<div class=\"elementor-column elementor-col-100 elementor-inner-column elementor-element elementor-element-591c66d\" data-id=\"591c66d\" data-element_type=\"column\">\n\t\t\t<div class=\"elementor-widget-wrap elementor-element-populated\">\n\t\t\t\t\t\t<div class=\"elementor-element elementor-element-9c7b963 elementor-widget elementor-widget-text-editor\" data-id=\"9c7b963\" data-element_type=\"widget\" data-settings=\"{&quot;ekit_we_effect_on&quot;:&quot;none&quot;}\" data-widget_type=\"text-editor.default\">\n\t\t\t\t<div class=\"elementor-widget-container\">\n\t\t\t\t\t\t\t\t\t<p>Les CSF couvrent diverses actions de formation :<\/p>\t\t\t\t\t\t\t\t<\/div>\n\t\t\t\t<\/div>\n\t\t\t\t<div class=\"elementor-element elementor-element-f03a0d7 elementor-widget elementor-widget-ova_list_checked\" data-id=\"f03a0d7\" data-element_type=\"widget\" data-settings=\"{&quot;ekit_we_effect_on&quot;:&quot;none&quot;}\" data-widget_type=\"ova_list_checked.default\">\n\t\t\t\t<div class=\"elementor-widget-container\">\n\t\t\t\t\t\t\t\n\t\t<div class=\"ova_list_checked\" >\n\t\t\t\t\t\t\t<ul>\n\t\t\t\t\t\t\t\t\t<li class=\"item\">\n\t\t\t\t\t\t<i data-feather=\"check-circle\"><\/i>\n\t\t\t\t\t\t<span>Actions Individuelles<\/span>\n\t\t\t\t\t<\/li>\n\t\t\t\t\t\t\t\t<\/ul>\n\t\t\t\n\t\t<\/div>\n\n\t\t\t\t\t\t<\/div>\n\t\t\t\t<\/div>\n\t\t\t\t<div class=\"elementor-element elementor-element-c5c95cb elementor-widget elementor-widget-text-editor\" data-id=\"c5c95cb\" data-element_type=\"widget\" data-settings=\"{&quot;ekit_we_effect_on&quot;:&quot;none&quot;}\" data-widget_type=\"text-editor.default\">\n\t\t\t\t<div class=\"elementor-widget-container\">\n\t\t\t\t\t\t\t\t\t<ul><li>Formations planifi\u00e9es r\u00e9sultant d&#8217;une \u00e9tude d&#8217;ing\u00e9nierie de formation.<\/li><li>Formations non planifi\u00e9es, r\u00e9pondant \u00e0 des besoins conjoncturels.<\/li><li>Actions d&#8217;alphab\u00e9tisation fonctionnelle pour am\u00e9liorer les comp\u00e9tences linguistiques et logico-math\u00e9matiques des salari\u00e9s.<\/li><\/ul>\t\t\t\t\t\t\t\t<\/div>\n\t\t\t\t<\/div>\n\t\t\t\t<div class=\"elementor-element elementor-element-75ccf90 elementor-widget elementor-widget-spacer\" data-id=\"75ccf90\" data-element_type=\"widget\" data-settings=\"{&quot;ekit_we_effect_on&quot;:&quot;none&quot;}\" data-widget_type=\"spacer.default\">\n\t\t\t\t<div class=\"elementor-widget-container\">\n\t\t\t\t\t\t\t<div class=\"elementor-spacer\">\n\t\t\t<div class=\"elementor-spacer-inner\"><\/div>\n\t\t<\/div>\n\t\t\t\t\t\t<\/div>\n\t\t\t\t<\/div>\n\t\t\t\t<div class=\"elementor-element elementor-element-531b0ba elementor-widget elementor-widget-ova_list_checked\" data-id=\"531b0ba\" data-element_type=\"widget\" data-settings=\"{&quot;ekit_we_effect_on&quot;:&quot;none&quot;}\" data-widget_type=\"ova_list_checked.default\">\n\t\t\t\t<div class=\"elementor-widget-container\">\n\t\t\t\t\t\t\t\n\t\t<div class=\"ova_list_checked\" >\n\t\t\t\t\t\t\t<ul>\n\t\t\t\t\t\t\t\t\t<li class=\"item\">\n\t\t\t\t\t\t<i data-feather=\"check-circle\"><\/i>\n\t\t\t\t\t\t<span>Actions Group\u00e9es<\/span>\n\t\t\t\t\t<\/li>\n\t\t\t\t\t\t\t\t<\/ul>\n\t\t\t\n\t\t<\/div>\n\n\t\t\t\t\t\t<\/div>\n\t\t\t\t<\/div>\n\t\t\t\t<div class=\"elementor-element elementor-element-b4ba789 elementor-widget elementor-widget-text-editor\" data-id=\"b4ba789\" data-element_type=\"widget\" data-settings=\"{&quot;ekit_we_effect_on&quot;:&quot;none&quot;}\" data-widget_type=\"text-editor.default\">\n\t\t\t\t<div class=\"elementor-widget-container\">\n\t\t\t\t\t\t\t\t\t<ul><li>Plans de formation \u00e9labor\u00e9s pour des entreprises membres d&#8217;une association ou d&#8217;une zone industrielle.<\/li><\/ul>\t\t\t\t\t\t\t\t<\/div>\n\t\t\t\t<\/div>\n\t\t\t\t<div class=\"elementor-element elementor-element-cb63349 elementor-widget elementor-widget-spacer\" data-id=\"cb63349\" data-element_type=\"widget\" data-settings=\"{&quot;ekit_we_effect_on&quot;:&quot;none&quot;}\" data-widget_type=\"spacer.default\">\n\t\t\t\t<div class=\"elementor-widget-container\">\n\t\t\t\t\t\t\t<div class=\"elementor-spacer\">\n\t\t\t<div class=\"elementor-spacer-inner\"><\/div>\n\t\t<\/div>\n\t\t\t\t\t\t<\/div>\n\t\t\t\t<\/div>\n\t\t\t\t<div class=\"elementor-element elementor-element-e5c7f39 elementor-widget elementor-widget-heading\" data-id=\"e5c7f39\" data-element_type=\"widget\" data-settings=\"{&quot;ekit_we_effect_on&quot;:&quot;none&quot;}\" data-widget_type=\"heading.default\">\n\t\t\t\t<div class=\"elementor-widget-container\">\n\t\t\t\t\t<h2 class=\"elementor-heading-title elementor-size-default\">C - Organismes de Formation <\/h2>\t\t\t\t<\/div>\n\t\t\t\t<\/div>\n\t\t\t\t\t<\/div>\n\t\t<\/div>\n\t\t\t\t\t<\/div>\n\t\t<\/section>\n\t\t\t\t<section class=\"elementor-section elementor-inner-section elementor-element elementor-element-b7d0c6f elementor-section-boxed elementor-section-height-default elementor-section-height-default\" data-id=\"b7d0c6f\" data-element_type=\"section\" data-settings=\"{&quot;_ha_eqh_enable&quot;:false,&quot;ekit_has_onepagescroll_dot&quot;:&quot;yes&quot;}\">\n\t\t\t\t\t\t<div class=\"elementor-container elementor-column-gap-default\">\n\t\t\t\t\t<div class=\"elementor-column elementor-col-100 elementor-inner-column elementor-element elementor-element-cf6a5e1\" data-id=\"cf6a5e1\" data-element_type=\"column\">\n\t\t\t<div class=\"elementor-widget-wrap elementor-element-populated\">\n\t\t\t\t\t\t<div class=\"elementor-element elementor-element-2dd6d6a elementor-widget elementor-widget-text-editor\" data-id=\"2dd6d6a\" data-element_type=\"widget\" data-settings=\"{&quot;ekit_we_effect_on&quot;:&quot;none&quot;}\" data-widget_type=\"text-editor.default\">\n\t\t\t\t<div class=\"elementor-widget-container\">\n\t\t\t\t\t\t\t\t\t<p>Les actions de formation peuvent \u00eatre r\u00e9alis\u00e9es par l\u2019entreprise elle-m\u00eame si elle dispose des comp\u00e9tences n\u00e9cessaires, ou par des organismes de conseil et de formation publics ou priv\u00e9s.<\/p><p>\u00a0<\/p>\t\t\t\t\t\t\t\t<\/div>\n\t\t\t\t<\/div>\n\t\t\t\t\t<\/div>\n\t\t<\/div>\n\t\t\t\t\t<\/div>\n\t\t<\/section>\n\t\t\t\t<div class=\"elementor-element elementor-element-33bd192 elementor-widget elementor-widget-heading\" data-id=\"33bd192\" data-element_type=\"widget\" data-settings=\"{&quot;ekit_we_effect_on&quot;:&quot;none&quot;}\" data-widget_type=\"heading.default\">\n\t\t\t\t<div class=\"elementor-widget-container\">\n\t\t\t\t\t<h2 class=\"elementor-heading-title elementor-size-default\">D - Financement\/Remboursements<\/h2>\t\t\t\t<\/div>\n\t\t\t\t<\/div>\n\t\t\t\t<div class=\"elementor-element elementor-element-b03fe24 elementor-widget elementor-widget-spacer\" data-id=\"b03fe24\" data-element_type=\"widget\" data-settings=\"{&quot;ekit_we_effect_on&quot;:&quot;none&quot;}\" data-widget_type=\"spacer.default\">\n\t\t\t\t<div class=\"elementor-widget-container\">\n\t\t\t\t\t\t\t<div class=\"elementor-spacer\">\n\t\t\t<div class=\"elementor-spacer-inner\"><\/div>\n\t\t<\/div>\n\t\t\t\t\t\t<\/div>\n\t\t\t\t<\/div>\n\t\t\t\t<div class=\"elementor-element elementor-element-516b854 elementor-widget elementor-widget-text-editor\" data-id=\"516b854\" data-element_type=\"widget\" data-settings=\"{&quot;ekit_we_effect_on&quot;:&quot;none&quot;}\" data-widget_type=\"text-editor.default\">\n\t\t\t\t<div class=\"elementor-widget-container\">\n\t\t\t\t\t\t\t\t\t<p>Le financement des actions de formation est bas\u00e9 sur une nomenclature des co\u00fbts publics, ajust\u00e9e par les comit\u00e9s r\u00e9gionaux des CSF selon les besoins locaux. Le financement couvre :<\/p><ul><li style=\"list-style-type: none;\"><ul><li style=\"list-style-type: none;\"><ul><li style=\"list-style-type: none;\"><ul><li style=\"list-style-type: none;\"><ul><li>L\u2019ing\u00e9nierie de formation<\/li><li>Les formations planifi\u00e9es<\/li><li>L\u2019alphab\u00e9tisation fonctionnelle<\/li><li>Les actions de formation sectorielles et les \u00e9tudes d\u2019ing\u00e9nierie associ\u00e9es<\/li><\/ul><\/li><\/ul><\/li><\/ul><\/li><\/ul><\/li><\/ul>\t\t\t\t\t\t\t\t<\/div>\n\t\t\t\t<\/div>\n\t\t\t\t<div class=\"elementor-element elementor-element-ab9636c elementor-widget elementor-widget-spacer\" data-id=\"ab9636c\" data-element_type=\"widget\" data-settings=\"{&quot;ekit_we_effect_on&quot;:&quot;none&quot;}\" data-widget_type=\"spacer.default\">\n\t\t\t\t<div class=\"elementor-widget-container\">\n\t\t\t\t\t\t\t<div class=\"elementor-spacer\">\n\t\t\t<div class=\"elementor-spacer-inner\"><\/div>\n\t\t<\/div>\n\t\t\t\t\t\t<\/div>\n\t\t\t\t<\/div>\n\t\t\t\t<div class=\"elementor-element elementor-element-63a6909 elementor-invisible elementor-widget elementor-widget-ova_box_feature_3\" data-id=\"63a6909\" data-element_type=\"widget\" data-settings=\"{&quot;_animation&quot;:&quot;fadeInUp&quot;,&quot;_animation_tablet&quot;:&quot;none&quot;,&quot;ekit_we_effect_on&quot;:&quot;none&quot;}\" data-widget_type=\"ova_box_feature_3.default\">\n\t\t\t\t<div class=\"elementor-widget-container\">\n\t\t\t\t\t\n\t\t\t<div class=\"ova_box_feature_3\">\n\n\t\t\t\t<div class=\"left\">\n\t\t\t\t\t\t\t\t\t\t\t<div class=\"icon\">\n\t\t\t\t\t\t\t<i class=\"fas fa-check-circle\"><\/i>\n\t\t\t\t\t\t<\/div>\n\t\t\t\t\t\t\t\t\t<\/div>\n\t\t\t\t\n\t\t\t\t<div class=\"right\">\n\t\t\t\t\t\t\t\t\t\t\t<h3 class=\"title second_font\">\n\t\t\t\t\t\t\t\t\t\t\t\t\t\t\t<a href=\"#\">\n\t\t\t\t\t\t\t\t\t\t\t\t\t\t\tPlafond de remboursement :\t\t\t\t\t\t\t\t\t\t\t\t\t\t\t<\/a>\n\t\t\t\t\t\t\t\t\t\t\t\t\t<\/h3>\n\t\t\t\t\t\n\t\t\t\t\t\t\t\t\t\t\t<p class=\"excerpt\">\n\t\t\t\t\t\t\t- 10 fois la TFP d\u00e9clar\u00e9e pour une TFP inf\u00e9rieure \u00e0 20.000 DHS.<br>\n- 200.000 DHS pour une TFP entre 20.000 et 200.000 DHS.<br>\n- \u00c9gal \u00e0 la TFP d\u00e9clar\u00e9e pour une TFP entre 200.000 et 3M DHS.<br>\n- Pour les plans de formations group\u00e9es, les plafonds sont fix\u00e9s par le Comit\u00e9 Central des CSF.\t\t\t\t\t\t<\/p>\n\t\t\t\t\t\t\t\t\t<\/div>\t\n\n\t\t\t<\/div>\n\n\t\t\t\t\t\t<\/div>\n\t\t\t\t<\/div>\n\t\t\t\t<div class=\"elementor-element elementor-element-c477369 elementor-widget elementor-widget-spacer\" data-id=\"c477369\" data-element_type=\"widget\" data-settings=\"{&quot;ekit_we_effect_on&quot;:&quot;none&quot;}\" data-widget_type=\"spacer.default\">\n\t\t\t\t<div class=\"elementor-widget-container\">\n\t\t\t\t\t\t\t<div class=\"elementor-spacer\">\n\t\t\t<div class=\"elementor-spacer-inner\"><\/div>\n\t\t<\/div>\n\t\t\t\t\t\t<\/div>\n\t\t\t\t<\/div>\n\t\t\t\t<div class=\"elementor-element elementor-element-a847686 elementor-invisible elementor-widget elementor-widget-ova_box_feature_3\" data-id=\"a847686\" data-element_type=\"widget\" data-settings=\"{&quot;_animation&quot;:&quot;fadeInUp&quot;,&quot;_animation_tablet&quot;:&quot;none&quot;,&quot;ekit_we_effect_on&quot;:&quot;none&quot;}\" data-widget_type=\"ova_box_feature_3.default\">\n\t\t\t\t<div class=\"elementor-widget-container\">\n\t\t\t\t\t\n\t\t\t<div class=\"ova_box_feature_3\">\n\n\t\t\t\t<div class=\"left\">\n\t\t\t\t\t\t\t\t\t\t\t<div class=\"icon\">\n\t\t\t\t\t\t\t<i class=\"fas fa-check-circle\"><\/i>\n\t\t\t\t\t\t<\/div>\n\t\t\t\t\t\t\t\t\t<\/div>\n\t\t\t\t\n\t\t\t\t<div class=\"right\">\n\t\t\t\t\t\t\t\t\t\t\t<h3 class=\"title second_font\">\n\t\t\t\t\t\t\t\t\t\t\t\t\t\t\t<a href=\"#\">\n\t\t\t\t\t\t\t\t\t\t\t\t\t\t\tTaux de remboursement\t\t\t\t\t\t\t\t\t\t\t\t\t\t\t<\/a>\n\t\t\t\t\t\t\t\t\t\t\t\t\t<\/h3>\n\t\t\t\t\t\n\t\t\t\t\t\t\t\t\t\t\t<p class=\"excerpt\">\n\t\t\t\t\t\t\t- 70% du co\u00fbt pour les actions planifi\u00e9es r\u00e9alis\u00e9es par un organisme externe.<br>\n- 40% pour les actions non planifi\u00e9es r\u00e9alis\u00e9es par un organisme externe.<br>\n- 80% pour les actions d'alphab\u00e9tisation fonctionnelle (plafonn\u00e9 \u00e0 3000 DHS\/personne).<br>\n- 70% pour les formations longues (plafonn\u00e9 \u00e0 50.000 DHS\/personne).<br>\n- Pour les formations internes, 70% pour les actions planifi\u00e9es et 40% pour les actions non planifi\u00e9es, avec un plafond de 800 DHS\/jour.<br>\n- Les entreprises participant aux plans de formations group\u00e9es doivent couvrir 10% du co\u00fbt HT et la TVA.\t\t\t\t\t\t<\/p>\n\t\t\t\t\t\t\t\t\t<\/div>\t\n\n\t\t\t<\/div>\n\n\t\t\t\t\t\t<\/div>\n\t\t\t\t<\/div>\n\t\t\t\t<div class=\"elementor-element elementor-element-44ed212 elementor-widget elementor-widget-spacer\" data-id=\"44ed212\" data-element_type=\"widget\" data-settings=\"{&quot;ekit_we_effect_on&quot;:&quot;none&quot;}\" data-widget_type=\"spacer.default\">\n\t\t\t\t<div class=\"elementor-widget-container\">\n\t\t\t\t\t\t\t<div class=\"elementor-spacer\">\n\t\t\t<div class=\"elementor-spacer-inner\"><\/div>\n\t\t<\/div>\n\t\t\t\t\t\t<\/div>\n\t\t\t\t<\/div>\n\t\t\t\t<div class=\"elementor-element elementor-element-9959175 elementor-widget elementor-widget-heading\" data-id=\"9959175\" data-element_type=\"widget\" data-settings=\"{&quot;ekit_we_effect_on&quot;:&quot;none&quot;}\" data-widget_type=\"heading.default\">\n\t\t\t\t<div class=\"elementor-widget-container\">\n\t\t\t\t\t<h2 class=\"elementor-heading-title elementor-size-default\">E - Proc\u00e9dure<\/h2>\t\t\t\t<\/div>\n\t\t\t\t<\/div>\n\t\t\t\t<section class=\"elementor-section elementor-inner-section elementor-element elementor-element-5cd60ec elementor-section-boxed elementor-section-height-default elementor-section-height-default\" data-id=\"5cd60ec\" data-element_type=\"section\" data-settings=\"{&quot;_ha_eqh_enable&quot;:false,&quot;ekit_has_onepagescroll_dot&quot;:&quot;yes&quot;}\">\n\t\t\t\t\t\t<div class=\"elementor-container elementor-column-gap-default\">\n\t\t\t\t\t<div class=\"elementor-column elementor-col-100 elementor-inner-column elementor-element elementor-element-88bdadd\" data-id=\"88bdadd\" data-element_type=\"column\">\n\t\t\t<div class=\"elementor-widget-wrap elementor-element-populated\">\n\t\t\t\t\t\t<div class=\"elementor-element elementor-element-1a13a99 elementor-widget elementor-widget-text-editor\" data-id=\"1a13a99\" data-element_type=\"widget\" data-settings=\"{&quot;ekit_we_effect_on&quot;:&quot;none&quot;}\" data-widget_type=\"text-editor.default\">\n\t\t\t\t<div class=\"elementor-widget-container\">\n\t\t\t\t\t\t\t\t\t<p>Pour b\u00e9n\u00e9ficier du financement des formations via les CSF, l\u2019entreprise doit pr\u00e9parer et d\u00e9poser trois dossiers aupr\u00e8s de l&#8217;Unit\u00e9 de Gestion des CSF, \u00e0 la Direction R\u00e9gionale de l\u2019OFPPT \u00e0 Agadir :<\/p><ul><li><strong>Dossier administratif :<\/strong> Identification de l\u2019entreprise.<\/li><li><strong>Dossier technique :<\/strong> Identification des actions de formation.<\/li><li><strong>Dossier financier :<\/strong> Pi\u00e8ces justificatives pour le remboursement.<\/li><\/ul><p>Avant de d\u00e9poser le dossier administratif, l\u2019entreprise peut v\u00e9rifier son \u00e9ligibilit\u00e9 et celle des organismes de formation via le portail des CSF (<a href=\"http:\/\/www.csf.org.ma\" target=\"_new\" rel=\"noreferrer\">http:\/\/www.csf.org.ma<\/a>), car l&#8217;acc\u00e8s au financement n\u00e9cessite une attestation d&#8217;\u00e9ligibilit\u00e9.<\/p><p>Pour plus d&#8217;informations, consultez le Manuel de proc\u00e9dures de CSF, disponible sur le portail des CSF : <a href=\"http:\/\/csf.ofppt.org.ma\" target=\"_new\" rel=\"noreferrer\">http:\/\/csf.ofppt.org.ma<\/a>.<\/p>\t\t\t\t\t\t\t\t<\/div>\n\t\t\t\t<\/div>\n\t\t\t\t\t<\/div>\n\t\t<\/div>\n\t\t\t\t\t<\/div>\n\t\t<\/section>\n\t\t\t\t\t<\/div>\n\t\t<\/div>\n\t\t\t\t\t<\/div>\n\t\t<\/section>\n\t\t\t\t<\/div>","protected":false},"excerpt":{"rendered":"<p>Financer votre Formation : Contrats Sp\u00e9ciaux de Formation (CSF) La Chambre de Commerce, d\u2019Industrie et de Services d\u2019Agadir (CCISA) offre aux entreprises des programmes de formation continue destin\u00e9s \u00e0 am\u00e9liorer les comp\u00e9tences de leurs salari\u00e9s. Face \u00e0 un environnement \u00e9conomique en constante mutation, cette mise \u00e0 niveau r\u00e9guli\u00e8re est un facteur essentiel de comp\u00e9titivit\u00e9. Pour [&hellip;]<\/p>","protected":false},"author":1,"featured_media":0,"parent":0,"menu_order":0,"comment_status":"closed","ping_status":"closed","template":"elementor_header_footer","meta":{"footnotes":""},"class_list":["post-5927","page","type-page","status-publish","hentry"],"_links":{"self":[{"href":"https:\/\/ccis-agadir.ma\/ar\/wp-json\/wp\/v2\/pages\/5927","targetHints":{"allow":["GET"]}}],"collection":[{"href":"https:\/\/ccis-agadir.ma\/ar\/wp-json\/wp\/v2\/pages"}],"about":[{"href":"https:\/\/ccis-agadir.ma\/ar\/wp-json\/wp\/v2\/types\/page"}],"author":[{"embeddable":true,"href":"https:\/\/ccis-agadir.ma\/ar\/wp-json\/wp\/v2\/users\/1"}],"replies":[{"embeddable":true,"href":"https:\/\/ccis-agadir.ma\/ar\/wp-json\/wp\/v2\/comments?post=5927"}],"version-history":[{"count":49,"href":"https:\/\/ccis-agadir.ma\/ar\/wp-json\/wp\/v2\/pages\/5927\/revisions"}],"predecessor-version":[{"id":7088,"href":"https:\/\/ccis-agadir.ma\/ar\/wp-json\/wp\/v2\/pages\/5927\/revisions\/7088"}],"wp:attachment":[{"href":"https:\/\/ccis-agadir.ma\/ar\/wp-json\/wp\/v2\/media?parent=5927"}],"curies":[{"name":"wp","href":"https:\/\/api.w.org\/{rel}","templated":true}]}}